{"id":463,"date":"2015-07-01T04:11:10","date_gmt":"2015-07-01T04:11:10","guid":{"rendered":"http:\/\/demo.vegatheme.com\/oreades\/?page_id=463"},"modified":"2023-02-21T12:24:37","modified_gmt":"2023-02-21T11:24:37","slug":"home-video-border-light","status":"publish","type":"page","link":"https:\/\/20jahre.vcrp.de\/","title":{"rendered":"Startseite"},"content":{"rendered":"<section class=\"wpb-content-wrapper\"><p>[vc_row extra_id=&#8220;begruessung&#8220; overlay=&#8220;no&#8220; css=&#8220;.vc_custom_1597660413790{padding-top: 120px !important;padding-bottom: 120px !important;background-color: #f2f4f6 !important;}&#8220;][vc_column wap_class=&#8220;section-title&#8220; column_effect=&#8220;bottommove&#8220;][vc_column_text]<iframe loading=\"lazy\" style=\"float: left; border: none; margin-right: 35px; margin-bottom: 15px; width: 100%; max-width: 720px;\" data-src=\"https:\/\/video.vcrp.de\/Panopto\/Pages\/Embed.aspx?id=14940c24-7cdc-4688-8f31-ac3c00058fa8&amp;autoplay=false&amp;offerviewer=true&amp;showtitle=true&amp;showbrand=false&amp;start=0&amp;interactivity=all\" width=\"720\" height=\"405\" allowfullscreen=\"allowfullscreen\" src=\"data:image\/gif;base64,R0lGODlhAQABAAAAACH5BAEKAAEALAAAAAABAAEAAAICTAEAOw==\" class=\"lazyload\" data-load-mode=\"1\"><\/iframe><\/p>\n<div style=\"position: relative; z-index: -1;\">\n<p>Das sind 20 Jahre Service und Support, Weiterbildung, Vernetzung sowie Innovationsentwicklung und Forschung im Bereich digitaler Hochschullehre.<\/p>\n<p>&nbsp;<\/p>\n<p>Obgleich der VCRP mit seinen zwei Jahrzehnten gerade mal vom Teen zum Twen wird, ist er die hochschul\u00fcbergreifende Landeseinrichtung in Deutschland mit der l\u00e4ngsten Erfahrung im Bereich der digitalen Hochschullehre.<\/p>\n<p>&nbsp;<\/p>\n<p>Der VCRP blickt auf spannende Ergebnisse zahlreicher Entwicklungs- und Forschungsprojekte, die wir \u00fcber die Jahre zusammen mit den Hochschulen in Rheinland-Pfalz durchgef\u00fchrt haben, ebenso auf die im hohen Ma\u00dfe nachgefragten Angebote der VCRP E-Cademy und nicht zuletzt auf die f\u00fcr eine gemeinsame Hochschuleinrichtung einmaligen Nutzungszahlen zentraler Bildungssoftwareangebote. Mit unserem landesweiten Learning Management System Open Olat haben wir im Oktober 2019 die Marke der 100.000 Nutzer*nnen \u00fcberschritten. Inzwischen ist die Zahl auf 116.000 Nutzer*innen angewachsen (Stand: Dezember 2020). Bis Dezember 2020 wurden \u00fcber unsere Videoplattform mehr als 117.000 Videos 6,6 Millionen Mal von knapp 90.000 Nutzerinnen und Nutzern geschaut.<\/p>\n<p>&nbsp;<\/p>\n<p><em>Ein Jubil\u00e4um besteht jedoch nicht nur aus Zahlen, Daten und Fakten. Es ist nicht zuletzt mit den Menschen verbunden, die es erst m\u00f6glich gemacht haben. Ob die zahlreichen Mitarbeiter<\/em>innen des VCRP, die vertrauten KollegInnen, die in den E-Learning-Supporteinrichtungen der Hochschulen unerm\u00fcdlich die digital unterst\u00fctze Lehre voranbringen oder die Unterst\u00fctzerInnen aus den Hochschulen und Ministerien; alle haben dazu beigetragen, dass der Virtuelle Campus Rheinland-Pfalz zu dem geworden ist, wie er heute zu sehen ist.<\/p>\n<\/div>\n<p>[\/vc_column_text][vc_message message_box_color=&#8220;white&#8220;]Der VCRP hat sich seit seiner Gr\u00fcndung als gemeinsame wissenschaftliche Support- und Netzwerkeinrichtung als auch als Kompetenzzentrum f\u00fcr digitale Hochschullehre in Rheinland-Pfalz und \u00fcber die Landesgrenzen hinaus etabliert.<\/p>\n<p>Damit stellt er ein Standortfaktor dar, der in erheblichem Ma\u00dfe zur Bew\u00e4ltigung der aktuellen Coronakrise als auch zur zuk\u00fcnftigen Gestaltung der digitalen Transformation und Innovation im Hochschulbereich beizutragen vermag.[\/vc_message][vc_column_text]Mit dieser Jubil\u00e4umswebsite m\u00f6chten wir Sie in einem Jahr, das durch Digitalisierung gepr\u00e4gt wurde, ein St\u00fcck auf diese Reise mitnehmen.<\/p>\n<p>&nbsp;<\/p>\n<p><strong>Ihr VCRP Team<\/strong>[\/vc_column_text][\/vc_column][\/vc_row][vc_row fullwidth=&#8220;yes&#8220; overlay=&#8220;no&#8220;][vc_column title=&#8220;&#8220; wap_id=&#8220;&#8220; column_effect=&#8220;bottommove&#8220;][vc_column_text css=&#8220;.vc_custom_1676977695921{padding-top: 40px !important;padding-right: 20% !important;padding-left: 20% !important;}&#8220;]Im Moment nutzen mehr als <span class=\"counter-facts\" style=\"font-weight: 600; font-size: 20px;\">107000<\/span> Studierende unsere OpenOLAT-Installation. Hiervon sind \u00fcber <span class=\"counter-facts\" style=\"font-weight: 600; font-size: 20px;\">7900<\/span> Autor*innen, die etwa <span class=\"counter-facts\">7730<\/span> Kurse betreuen und dabei \u00fcber <span class=\"counter-facts\" style=\"font-weight: 600; font-size: 20px;\">27000<\/span> Lernressourcen einbinden.<br \/>\nAuch unser Panopto-Videoserver ist ein sehr gefragtes Angebot. Hier k\u00f6nnen sich die <span class=\"counter-facts\" style=\"font-weight: 600; font-size: 20px;\">135000<\/span> angemeldeten Usern \u00fcber <span class=\"counter-facts\" style=\"font-weight: 600; font-size: 20px;\">227000<\/span> Videos anschauen. Bisher wurden so weit mehr als 5 Millionen Stunden Lehrvideos gesehen.[\/vc_column_text][\/vc_column][\/vc_row][vc_row extra_id=&#8220;fotogalerie&#8220; fullwidth=&#8220;yes&#8220; overlay=&#8220;no&#8220; css=&#8220;.vc_custom_1602762502090{padding-top: 120px !important;padding-bottom: 20px !important;background-color: #f2f4f6 !important;}&#8220;][vc_column wap_class=&#8220;section-title&#8220; column_effect=&#8220;bottommove&#8220;][vc_text_separator title=&#8220;Ein paar Eindr\u00fccke aus unserer Arbeit&#8220;][vc_column_text][vc_gallery interval=&#8220;0&#8243; images=&#8220;716,847,821,822,753,757,767,755,783,824,738,739,830,831,736,735,832,833,754,845&#8243; img_size=&#8220;full&#8220; onclick=&#8220;&#8220; el_class=&#8220;zwanzigjahre-fotogalerie&#8220; css=&#8220;.vc_custom_1608738745362{margin-top: 50px !important;}&#8220;][\/vc_column_text][\/vc_column][\/vc_row][vc_row extra_id=&#8220;geschichte&#8220; fullwidth=&#8220;yes&#8220; overlay=&#8220;no&#8220; css=&#8220;.vc_custom_1601997030581{padding-bottom: 120px !important;background-color: #f2f4f6 !important;}&#8220;][vc_column wap_class=&#8220;section-title&#8220; column_effect=&#8220;bottommove&#8220;][vc_text_separator title=&#8220;Die Geschichte des VCRP&#8220;][vc_column_text][vc_column_text css=&#8220;.vc_custom_1603102391782{margin-top: 50px !important;}&#8220;]<div class=\"h5p-iframe-wrapper\"><iframe id=\"h5p-iframe-1\" class=\"h5p-iframe\" data-content-id=\"1\" style=\"height:1px\" src=\"about:blank\" frameBorder=\"0\" scrolling=\"no\" title=\"VCRP Zeitleiste\"><\/iframe><\/div>[\/vc_column_text][\/vc_column][\/vc_row][vc_row extra_id=&#8220;gruesse&#8220; overlay=&#8220;no&#8220; css=&#8220;.vc_custom_1597663400804{padding-bottom: 120px !important;background-color: #f2f4f6 !important;}&#8220;][vc_column wap_class=&#8220;section-title&#8220; column_effect=&#8220;bottommove&#8220;][vc_text_separator title=&#8220;Gr\u00fc\u00dfe an den VCRP&#8220;][vc_column_text]<\/p>\n<p>Hier finden Sie unser virtuelles G\u00e4stebuch. Wir freuen uns \u00fcber Ihre Gr\u00fc\u00dfe zu unserem 20-j\u00e4hrigen Jubil\u00e4um.<br \/>\nSie k\u00f6nnen uns Ihre Gr\u00fc\u00dfe als Text, Video, Audiodatei und auch als Foto schicken. Wir binden sie dann in unser G\u00e4stebuch ein. Nutzen Sie daf\u00fcr unser Kontaktformular, indem Sie auf den Button \u201eSenden Sie uns einen Gru\u00df!\u201c klicken.<\/p>\n<div class=\"portfolio-gruesse\" style=\"margin-top: 35px;\">\n<p><iframe loading=\"lazy\" style=\"border: 1px solid #464646;\" data-src=\"https:\/\/video.vcrp.de\/Panopto\/Pages\/Embed.aspx?id=77a119e3-5dc8-4fe7-824c-ac9a012609ae&amp;autoplay=false&amp;offerviewer=false&amp;showtitle=false&amp;showbrand=false&amp;start=0&amp;interactivity=all\" width=\"720\" height=\"405\" allowfullscreen=\"allowfullscreen\" src=\"data:image\/gif;base64,R0lGODlhAQABAAAAACH5BAEKAAEALAAAAAABAAEAAAICTAEAOw==\" class=\"lazyload\" data-load-mode=\"1\"><\/iframe><\/p>\n<div class=\"portfolio-beschreibung\">\n<p>Frau Prof. Dr. Anett Mehler-Bicher arbeitet inzwischen schon seit einigen Jahren eng mit dem VCRP zusammen. In dieser Nachricht spricht die Vizepr\u00e4sidentin der Hochschule Mainz dar\u00fcber was Sie mit dem VCRP verbindet und was sie dem VCRP f\u00fcr die Zukunft w\u00fcnscht.<\/p>\n<p>Das gesamte Interview mit Frau Prof. Dr. Mehler-Bicher k\u00f6nnen Sie sich hier anschauen: <a href=\"https:\/\/www.vcrp.de\/news\/prof-dr-anett-mehler-bicher-zu-20-jahre-vcrp-und-zur-hochschullehre-waehrend-corona\/\" target=\"_blank\" rel=\"noopener noreferrer\">Link<\/a><\/p>\n<\/div>\n<\/div>\n<div class=\"portfolio-gruesse\" style=\"margin-top: 35px;\">\n<p><iframe loading=\"lazy\" class=\"portfolio-panopto lazyload\" data-src=\"https:\/\/video.vcrp.de\/Panopto\/Pages\/Embed.aspx?id=63a2f203-7c30-4cb5-ac26-ac4600f0cc36&amp;autoplay=false&amp;offerviewer=false&amp;showtitle=false&amp;showbrand=false&amp;start=0&amp;interactivity=none\" width=\"720\" height=\"405\" allowfullscreen=\"allowfullscreen\" src=\"data:image\/gif;base64,R0lGODlhAQABAAAAACH5BAEKAAEALAAAAAABAAEAAAICTAEAOw==\" data-load-mode=\"1\"><\/iframe><\/p>\n<div class=\"portfolio-beschreibung\">Anl\u00e4sslich der inzwischen 20-j\u00e4hrigen Geschichte des Virtueller Campus Rheinland-Pfalz (VCRP) wirft Herr Prof. Dr. phil. Dr. h.c. Rolf Arnold, Sprecher des VCRP, einen kleinen R\u00fcckblick auf die Entwicklung des VCRP und der digital unterst\u00fctzen Lehre.<\/div>\n<\/div>\n<div class=\"portfolio-gruesse\" style=\"margin-top: 35px;\">\n<p><iframe loading=\"lazy\" style=\"border: 1px solid #464646;\" data-src=\"https:\/\/video.vcrp.de\/Panopto\/Pages\/Embed.aspx?id=a82911a8-6b6e-4ad8-8a0e-ac9f00d5febb&amp;autoplay=false&amp;offerviewer=false&amp;showtitle=false&amp;showbrand=false&amp;start=0&amp;interactivity=all\" width=\"720\" height=\"405\" allowfullscreen=\"allowfullscreen\" src=\"data:image\/gif;base64,R0lGODlhAQABAAAAACH5BAEKAAEALAAAAAABAAEAAAICTAEAOw==\" class=\"lazyload\" data-load-mode=\"1\"><\/iframe><\/p>\n<div class=\"portfolio-beschreibung\">\n<p>Als Pr\u00e4sidentin der Hochschule Trier arbeitet Frau Prof. Dr. Dorit Schumann eng mit dem Virtuellen Campus Rheinland-Pfalz zusammen. Wir freuen uns \u00fcber ihre Gr\u00fc\u00dfe und guten W\u00fcnsche f\u00fcr unser 20-j\u00e4hriges Jubil\u00e4um. Das gesamte Interview mit Frau Prof. Dr. Schumann k\u00f6nnen Sie sich hier anschauen: <a href=\"https:\/\/video.vcrp.de\/Panopto\/Pages\/Viewer.aspx?id=b7770815-520b-45dd-9039-ac9f00d47e02\">Link<\/a><\/p>\n<\/div>\n<\/div>\n<div class=\"portfolio-gruesse\" style=\"margin-top: 35px;\">\n<p><iframe loading=\"lazy\" class=\"portfolio-panopto lazyload\" data-src=\"https:\/\/video.vcrp.de\/Panopto\/Pages\/Embed.aspx?id=8ca6fa23-7786-4912-8bb5-ac1000c4b229&amp;autoplay=false&amp;offerviewer=false&amp;showtitle=false&amp;showbrand=false&amp;start=0&amp;interactivity=none\" width=\"720\" height=\"405\" allowfullscreen=\"allowfullscreen\" src=\"data:image\/gif;base64,R0lGODlhAQABAAAAACH5BAEKAAEALAAAAAABAAEAAAICTAEAOw==\" data-load-mode=\"1\"><\/iframe><\/p>\n<div class=\"portfolio-beschreibung\">Die Corona-Pandemie hat die Hochschullehre in ganz Deutschland vor gro\u00dfe Herausforderungen gestellt. Sechs Monate nach Beginn der Pandemie sprechen wir mit Herr Prof. Dr. Michael J\u00e4ckel, Pr\u00e4sident der Universit\u00e4t Trier und Vorsitzender der Landeshochschulpr\u00e4sidentenkonferenz. Dabei ging es zum einen um das 20-j\u00e4hrige Jubil\u00e4um des Virtuellen Campus Rheinland-Pfalz und zum anderen auch um das digitale Semester.<br \/>\nDas gesamte Interview mit Herrn Prof. Dr. J\u00e4ckel k\u00f6nnen Sie sich hier anschauen: <a href=\"https:\/\/www.vcrp.de\/news\/prof-dr-jaeckel-zum-studieren-waehrend-der-pandemie\/\" target=\"_blank\" rel=\"noopener noreferrer\">Link<\/a><\/div>\n<\/div>\n<div class=\"portfolio-gruesse\" style=\"margin-top: 35px;\">\n<p><iframe loading=\"lazy\" style=\"border: 1px solid #464646;\" data-src=\"https:\/\/video.vcrp.de\/Panopto\/Pages\/Embed.aspx?id=b78eb3ad-84a3-438f-a9e7-ac9a0126f6ff&amp;autoplay=false&amp;offerviewer=false&amp;showtitle=false&amp;showbrand=false&amp;start=0&amp;interactivity=all\" width=\"720\" height=\"405\" allowfullscreen=\"allowfullscreen\" src=\"data:image\/gif;base64,R0lGODlhAQABAAAAACH5BAEKAAEALAAAAAABAAEAAAICTAEAOw==\" class=\"lazyload\" data-load-mode=\"1\"><\/iframe><\/p>\n<div class=\"portfolio-beschreibung\">\n<p>2020 war nicht nur f\u00fcr den VCRP ein ganz besonderes Jahr, sondern auch f\u00fcr Frau Prof. Dr. Susanne Weissman. In diesem Jahr wurde Frau Prof. Dr. Weissman zur Pr\u00e4sidentin der Hochschule Mainz ernannt. Zum Jubil\u00e4um des VCRP hat sie es sich nicht nehmen lassen, uns Gl\u00fcckw\u00fcnsche auszurichten.Das gesamte Interview mit Frau Prof. Dr. Weissman k\u00f6nnen Sie sich hier anschauen: <a href=\"https:\/\/www.vcrp.de\/news\/prof-dr-susanne-weissman-zu-20-jahre-vcrp-und-zur-hochschullehre-waehrend-corona\/\" target=\"_blank\" rel=\"noopener noreferrer\">Link<\/a><\/p>\n<\/div>\n<\/div>\n<div class=\"portfolio-gruesse\" style=\"margin-top: 35px;\">\n<p><iframe loading=\"lazy\" class=\"portfolio-panopto lazyload\" data-src=\"https:\/\/video.vcrp.de\/Panopto\/Pages\/Embed.aspx?id=098e67fa-9992-4bae-bf85-abe600e8ade6&amp;autoplay=false&amp;offerviewer=false&amp;showtitle=false&amp;showbrand=false&amp;start=0&amp;interactivity=none\" width=\"720\" height=\"405\" allowfullscreen=\"allowfullscreen\" src=\"data:image\/gif;base64,R0lGODlhAQABAAAAACH5BAEKAAEALAAAAAABAAEAAAICTAEAOw==\" data-load-mode=\"1\"><\/iframe><\/p>\n<div class=\"portfolio-beschreibung\">\n<p>Der VCRP ist 20 Jahre alt geworden und in diesen 20 Jahren ist viel passiert. \u00dcber 100.000 Lehrende und Lernende nutzen inzwischen in Rheinland-Pfalz unsere Software-Infrastruktur, zahlreiche Projekte wurden begonnen und erfolgreich abgeschlossen und unz\u00e4hlige Personen konnten an den Bildungsangeboten des VCRP und seiner E-Cademy teilnehmen.<\/p>\n<p>Wissenschaftsminister Prof. Dr. Konrad Wolf hat es sich nicht nehmen lassen, in dem folgenden Video einige Worte \u00fcber den VCRP und das diesj\u00e4hrige Jubil\u00e4um zu sagen.<\/p>\n<\/div>\n<\/div>\n\t<a class=\"paoc-popup-click paoc-popup-cust-637 paoc-popup-button paoc-popup-btn \" href=\"javascript:void(0);\">Senden Sie uns einen Gru\u00df!<\/a>\r\n\n<p>[\/vc_column_text][\/vc_column][\/vc_row][vc_row extra_id=&#8220;zukunft&#8220; overlay=&#8220;no&#8220; css=&#8220;.vc_custom_1597663308747{padding-bottom: 120px !important;background-color: #f2f4f6 !important;}&#8220;][vc_column wap_class=&#8220;section-title&#8220; column_effect=&#8220;bottommove&#8220;][vc_text_separator title=&#8220;Ein Blick nach vorne&#8220;][vc_column_text][vc_column_text css=&#8220;.vc_custom_1603184857123{margin-top: 50px !important;}&#8220;]Jahrestage sind immer eine gute Chance, um die Vergangenheit zu reflektieren; &#8211; doch wir wollen nicht nur zur\u00fcckschauen. Wir m\u00f6chten auch die Gelegenheit nutzen, um einen Blick auf unsere aktuellen Aktivit\u00e4ten zu werfen und ein Eindruck vermitteln, wie wir die zuk\u00fcnftige Entwicklung sehen.<\/p>\n<p>&nbsp;<\/p>\n<p>Zuk\u00fcnftige Entwicklungsschwerpunkte des VCRP:<\/p>\n<p>&nbsp;<\/p>\n<p style=\"text-align: center;\"><em>\u201eAusbau des VCRP als hochschul\u00fcbergreifendes Service- und Kompetenzzentrum<br \/>\nf\u00fcr digitale Hochschullehre in Rheinland-Pfalz\u201c<\/em><\/p>\n<p>[\/vc_column_text][vc_row_inner el_id=&#8220;zukunft-tabelle&#8220;][vc_column_inner width=&#8220;1\/3&#8243;][vc_column_text css=&#8220;.vc_custom_1603196832042{padding-top: 10px !important;padding-right: 5px !important;padding-bottom: 5px !important;padding-left: 5px !important;background-color: #395b67 !important;}&#8220;]<\/p>\n<h5><span style=\"color: #ffffff;\">Service und Support<\/span><\/h5>\n<p>[\/vc_column_text][vc_column_text]St\u00e4rkung des hochschul\u00fcbergreifenden, bildungstechnologischen Supports f\u00fcr die Hochschulen. Intelligente Verkn\u00fcpfung bereits bestehender bildungstechnologischer Systeme des VCRP, der Hochschulen und mit weiteren &#8211; auch bildungsbereichs- und l\u00e4nder\u00fcbergreifenden &#8211; Einrichtungen.<br \/>\nErweiterung zu einer digitalen Umgebung zu Kollaboration sowie \u00d6ffnung und Transfer von digitalen Bildungsressourcen.<\/p>\n<p>&nbsp;<\/p>\n<p>Ausbau des Weiterbildungsangebotes (VCRP E-Cademy) in thematischen Bereichen, wie<br \/>\ndigitale Kompetenzen bzw. Digital Literacy, videobasierte Lehre sowie AR und VR, Barrierefreiheit, Demokratiebildung und Teilhabe, u.vm.<br \/>\nErprobt und eingef\u00fchrt werden dabei u.a. Konzepte des Micro Learnings und der Micro Credentials[\/vc_column_text][\/vc_column_inner][vc_column_inner width=&#8220;1\/3&#8243;][vc_column_text css=&#8220;.vc_custom_1603196818965{padding-top: 10px !important;padding-right: 5px !important;padding-bottom: 5px !important;padding-left: 5px !important;background-color: #395b67 !important;}&#8220;]<\/p>\n<h5><span style=\"color: #ffffff;\">Vernetzung<\/span><\/h5>\n<p>[\/vc_column_text][vc_column_text]St\u00e4rkung des VCRP als Vernetzer\/Community-Builder in spezifischen Themen und verst\u00e4rkt auch in den Offenen Bildungsressourcen.<\/p>\n<p>&nbsp;<\/p>\n<p>St\u00e4rkung des VCRPs als Landeseinrichtung, die Kooperationen in Rheinland-Pfalz, mit anderen Bundesl\u00e4ndern sowie internationalen Einrichtungen im Bereich der digitalen Hochschulbildung anbahnt, um weitere Synergiewirkungen f\u00fcr die Hochschulen des Landes zu erzielen.[\/vc_column_text][\/vc_column_inner][vc_column_inner width=&#8220;1\/3&#8243;][vc_column_text css=&#8220;.vc_custom_1603351827335{padding-top: 10px !important;padding-right: 5px !important;padding-bottom: 5px !important;padding-left: 5px !important;background-color: #395b67 !important;}&#8220;]<\/p>\n<h5><span style=\"color: #ffffff;\">Innovation und Forschung<br \/>\n(drittmittelfinanziert)<\/span><\/h5>\n<p>[\/vc_column_text][vc_column_text]St\u00e4rkung des VCRPs als Impulsgeber, Kompetenzzentrum und Plattform des hochschul\u00fcbergreifenden Dialogs zur digitalen Bildung.<\/p>\n<p>&nbsp;<\/p>\n<p>Ausbau der Forschungsaktivit\u00e4ten zur Absicherung strategischer Entwicklungslinien, wie aktuell zu Offenen Bildungsmaterialien (OER), videobasierter Lehre, Augmented und Virtual Reality, Learning Analytics und Adaptivem Lernen ebenso wie zu Konzepten der Kokreation und Kollaboration oder des Seamless Learnings.[\/vc_column_text][\/vc_column_inner][\/vc_row_inner][\/vc_column][\/vc_row]<\/p>\n<\/section>","protected":false},"excerpt":{"rendered":"<p>[vc_row extra_id=&#8220;begruessung&#8220; overlay=&#8220;no&#8220; css=&#8220;.vc_custom_1597660413790{padding-top: 120px !important;padding-bottom: 120px !important;background-color: #f2f4f6 !important;}&#8220;][vc_column wap_class=&#8220;section-title&#8220; column_effect=&#8220;bottommove&#8220;][vc_column_text] Das sind 20 Jahre Service und Support, Weiterbildung, Vernetzung sowie Innovationsentwicklung und Forschung im Bereich digitaler Hochschullehre. &nbsp; Obgleich der VCRP mit seinen zwei Jahrzehnten gerade mal vom Teen zum Twen wird, ist er die hochschul\u00fcbergreifende Landeseinrichtung in Deutschland mit der l\u00e4ngsten Erfahrung [&hellip;]<\/p>\n","protected":false},"author":1,"featured_media":0,"parent":0,"menu_order":0,"comment_status":"closed","ping_status":"open","template":"page-templates\/template-canvas.php","meta":{"footnotes":""},"_links":{"self":[{"href":"https:\/\/20jahre.vcrp.de\/index.php?rest_route=\/wp\/v2\/pages\/463"}],"collection":[{"href":"https:\/\/20jahre.vcrp.de\/index.php?rest_route=\/wp\/v2\/pages"}],"about":[{"href":"https:\/\/20jahre.vcrp.de\/index.php?rest_route=\/wp\/v2\/types\/page"}],"author":[{"embeddable":true,"href":"https:\/\/20jahre.vcrp.de\/index.php?rest_route=\/wp\/v2\/users\/1"}],"replies":[{"embeddable":true,"href":"https:\/\/20jahre.vcrp.de\/index.php?rest_route=%2Fwp%2Fv2%2Fcomments&post=463"}],"version-history":[{"count":95,"href":"https:\/\/20jahre.vcrp.de\/index.php?rest_route=\/wp\/v2\/pages\/463\/revisions"}],"predecessor-version":[{"id":870,"href":"https:\/\/20jahre.vcrp.de\/index.php?rest_route=\/wp\/v2\/pages\/463\/revisions\/870"}],"wp:attachment":[{"href":"https:\/\/20jahre.vcrp.de\/index.php?rest_route=%2Fwp%2Fv2%2Fmedia&parent=463"}],"curies":[{"name":"wp","href":"https:\/\/api.w.org\/{rel}","templated":true}]}}